{"id":3134,"date":"2023-01-04T13:17:21","date_gmt":"2023-01-04T12:17:21","guid":{"rendered":"https:\/\/www.fakuma-messe.de\/service-addresses-faq\/"},"modified":"2023-01-10T09:00:44","modified_gmt":"2023-01-10T08:00:44","slug":"service-addresses-faq","status":"publish","type":"page","link":"https:\/\/www.fakuma-messe.de\/en\/service-addresses-faq\/","title":{"rendered":"Service Addresses FAQ"},"content":{"rendered":"<div class=\"wpb-content-wrapper\"><p>[vc_row row_height_percent=&#8221;35&#8243; back_image=&#8221;259&#8243; overlay_alpha=&#8221;50&#8243; gutter_size=&#8221;3&#8243; column_width_percent=&#8221;100&#8243; shift_y=&#8221;0&#8243; z_index=&#8221;0&#8243; uncode_shortcode_id=&#8221;513959&#8243; row_height_pixel=&#8221;120&#8243;][vc_column width=&#8221;1\/1&#8243;][\/vc_column][\/vc_row][vc_row row_height_percent=&#8221;0&#8243; override_padding=&#8221;yes&#8221; h_padding=&#8221;2&#8243; top_padding=&#8221;2&#8243; bottom_padding=&#8221;3&#8243; overlay_alpha=&#8221;50&#8243; gutter_size=&#8221;3&#8243; column_width_percent=&#8221;60&#8243; shift_y=&#8221;0&#8243; z_index=&#8221;0&#8243; uncode_shortcode_id=&#8221;137379&#8243; el_class=&#8221;offgrid-header-row&#8221;][vc_column column_width_percent=&#8221;100&#8243; gutter_size=&#8221;2&#8243; overlay_alpha=&#8221;50&#8243; shift_x=&#8221;0&#8243; shift_y=&#8221;0&#8243; shift_y_down=&#8221;0&#8243; z_index=&#8221;0&#8243; medium_width=&#8221;0&#8243; mobile_width=&#8221;0&#8243; width=&#8221;1\/1&#8243; uncode_shortcode_id=&#8221;137126&#8243;][vc_custom_heading heading_semantic=&#8221;h1&#8243; text_size=&#8221;h1&#8243; uncode_shortcode_id=&#8221;126126&#8243;]Service Addresses FAQ[\/vc_custom_heading][vc_custom_heading text_size=&#8221;h4&#8243; uncode_shortcode_id=&#8221;146033&#8243;]for Fakuma at the Friedrichshafen trade fair[\/vc_custom_heading][vc_empty_space empty_h=&#8221;2&#8243;][vc_accordion typography=&#8221;yes&#8221; active_tab=&#8221;0&#8243;][vc_accordion_tab gutter_size=&#8221;2&#8243; column_padding=&#8221;2&#8243; title=&#8221;Waste Disposal&#8221; tab_id=&#8221;1672932003201-28-1&#8243;][vc_column_text uncode_shortcode_id=&#8221;127258&#8243;]&gt;  see waste disposal[\/vc_column_text][\/vc_accordion_tab][vc_accordion_tab gutter_size=&#8221;2&#8243; column_padding=&#8221;2&#8243; title=&#8221;Suspending points (hall A1 &#8211; A7 and B1 &#8211; B3, foyers, passage east)&#8221; tab_id=&#8221;1672833340025-34-2&#8243;][vc_column_text uncode_shortcode_id=&#8221;125432&#8243;]Organissimo GmbH<br \/>\nHochwaldstra\u00dfe 2<br \/>\n88677 Markdorf<br \/>\n<a class=\"contactlink\" href=\"tel:+49754495920\"><i class=\"fa fa-phone\"><\/i>+49 (0)7544 95920<\/a><br \/>\n<a class=\"contactlink\" href=\"fax:+497541959249\"><i class=\"fa fa-fax\"><\/i>+49 (0)7541 9592 49<\/a><br \/>\n<a class=\"contactlink\" href=\"mailto:messe@organissimo.de\"><i class=\"fa fa-envelope\"><\/i>messe@organissimo.de<\/a><br \/>\n<a class=\"contactlink\" href=\"https:\/\/www.organissimo.de%20target=_blank\"><i class=\"fa fa-globe\"><\/i>www.organissimo.de<\/a>[\/vc_column_text][\/vc_accordion_tab][vc_accordion_tab gutter_size=&#8221;2&#8243; column_padding=&#8221;2&#8243; title=&#8221;Suspending points (Hall B4 &#8211; B5)&#8221; tab_id=&#8221;1672833560637-35-1&#8243;][vc_column_text uncode_shortcode_id=&#8221;497535&#8243;]L\u00f6ffelholz Arbeitsb\u00fchnenverleih<br \/>\nErnst-Zimmermann-Stra\u00dfe 14<br \/>\n88045 Friedrichshafen<br \/>\n<a class=\"contactlink\" href=\"tel:+49754175977\"><i class=\"fa fa-phone\"><\/i>+49 (0)7541 75977<\/a><br \/>\nMobile: <a class=\"contactlink\" href=\"tel:+491716274095\"><i class=\"fa fa-phone\"><\/i>+49 (0)171 627 4095<\/a><br \/>\n<a class=\"contactlink\" href=\"fax:+49754134938\"><i class=\"fa fa-fax\"><\/i>+49 (0)7541 34938<\/a><br \/>\n<a class=\"contactlink\" href=\"mailto:info@alfn.de\"><i class=\"fa fa-envelope\"><\/i>info@alfn.de<\/a><br \/>\n<a class=\"contactlink\" href=\"https:\/\/www.alfn.de%20target=_blank\"><i class=\"fa fa-globe\"><\/i>www.alfn.de<\/a>[\/vc_column_text][\/vc_accordion_tab][vc_accordion_tab gutter_size=&#8221;2&#8243; column_padding=&#8221;2&#8243; title=&#8221;ADAC &#8211; Roadside assistance (24h emergency call, up to 3,5 to.)&#8221; tab_id=&#8221;1672833806205-37-4&#8243;][vc_column_text uncode_shortcode_id=&#8221;184737&#8243;]<a class=\"contactlink\" href=\"tel:+49754160300\"><i class=\"fa fa-phone\"><\/i>+49 (0)7541 60300<\/a><br \/>\n<a class=\"contactlink\" href=\"fax:+497541603030\"><i class=\"fa fa-fax\"><\/i>+49 (0)7541 6030 30<\/a><br \/>\n<a class=\"contactlink\" href=\"mailto:info@boehme-automobil.de\"><i class=\"fa fa-envelope\"><\/i>info@boehme-automobil.de<\/a><br \/>\n<a class=\"contactlink\" href=\"https:\/\/www.boehme-automobil.de%20target=_blank\"><i class=\"fa fa-globe\"><\/i>www.boehme-automobil.de<\/a>[\/vc_column_text][\/vc_accordion_tab][vc_accordion_tab gutter_size=&#8221;2&#8243; column_padding=&#8221;2&#8243; title=&#8221;Pharmacy&#8221; tab_id=&#8221;1654181321-1-69&#8243;][vc_column_text uncode_shortcode_id=&#8221;154490&#8243;]Apotheke im Marktkauf<br \/>\n\u00c4u\u00dfere Ailinger Stra\u00dfe 20<br \/>\n88046 Friedrichshafen<br \/>\n<a class=\"contactlink\" href=\"tel:+4975419817670\"><i class=\"fa fa-phone\"><\/i>+49 (0)7541 981 7670<\/a><br \/>\n<a class=\"contactlink\" href=\"https:\/\/www.apotheke-marktkauf-fn-app.de%20target:_blank\"><i class=\"fa fa-globe\"><\/i>www.apotheke-marktkauf-fn-app.de<\/a>[\/vc_column_text][vc_column_text uncode_shortcode_id=&#8221;255299&#8243;]Bodensee Apotheke<br \/>\nEhlersstrasse 17<br \/>\n88046 Friedrichshafen<br \/>\n<a class=\"contactlink\" href=\"tel:+497541950160\"><i class=\"fa fa-phone\"><\/i>+49 (0)7541 9501 60<\/a><br \/>\n<a class=\"contactlink\" href=\"https:\/\/www.bodensee-apotheke.de%20target:_blank\"><i class=\"fa fa-globe\"><\/i>www.bodensee-apotheke.de<\/a>[\/vc_column_text][vc_column_text uncode_shortcode_id=&#8221;133602&#8243;]Herz Apotheke im Bodensee Center<br \/>\nAilinger Stra\u00dfe 107 \u2013 109<br \/>\n88046 Friedrichshafen<br \/>\n<a class=\"contactlink\" href=\"tel:+4975413858555\"><i class=\"fa fa-phone\"><\/i>+49 (0)7541 385 8555<\/a><br \/>\n<a class=\"contactlink\" href=\"https:\/\/www.herz-apotheke-friedrichshafen.de%20target:_blank\"><i class=\"fa fa-globe\"><\/i>www.herz-apotheke-friedrichshafen.de<\/a>[\/vc_column_text][\/vc_accordion_tab][vc_accordion_tab gutter_size=&#8221;2&#8243; column_padding=&#8221;2&#8243; title=&#8221;Work planforms &amp; lifting planforms rental&#8221; tab_id=&#8221;1672833763947-36-7&#8243;][vc_column_text uncode_shortcode_id=&#8221;497535&#8243;]L\u00f6ffelholz Arbeitsb\u00fchnenverleih<br \/>\nErnst-Zimmermann-Stra\u00dfe 14<br \/>\n88045 Friedrichshafen<br \/>\n<a class=\"contactlink\" href=\"tel:+49754175977\"><i class=\"fa fa-phone\"><\/i>+49 (0)7541 75977<\/a><br \/>\nMobile: <a class=\"contactlink\" href=\"tel:+491716274095\"><i class=\"fa fa-phone\"><\/i>+49 (0)171 627 4095<\/a><br \/>\n<a class=\"contactlink\" href=\"fax:+49754134938\"><i class=\"fa fa-fax\"><\/i>+49 (0)7541 34938<\/a><br \/>\n<a class=\"contactlink\" href=\"mailto:info@alfn.de\"><i class=\"fa fa-envelope\"><\/i>info@alfn.de<\/a><br \/>\n<a class=\"contactlink\" href=\"https:\/\/www.alfn.de%20target=_blank\"><i class=\"fa fa-globe\"><\/i>www.alfn.de<\/a>[\/vc_column_text][\/vc_accordion_tab][vc_accordion_tab gutter_size=&#8221;2&#8243; column_padding=&#8221;2&#8243; title=&#8221;Doctor | Ambulance Service \u2013 Emergency call&#8221; tab_id=&#8221;1672586412521-1-9&#8243;][vc_column_text uncode_shortcode_id=&#8221;114207&#8243;]<a class=\"contactlink\" href=\"tel:112\"><i class=\"fa fa-phone\"><\/i>112<\/a>[\/vc_column_text][\/vc_accordion_tab][vc_accordion_tab gutter_size=&#8221;2&#8243; column_padding=&#8221;2&#8243; title=&#8221;Doctor | Ambulance Service&#8221; tab_id=&#8221;1672834203497-38-6&#8243;][vc_column_text uncode_shortcode_id=&#8221;306860&#8243;]DRK room near hall A1<br \/>\n<a class=\"contactlink\" href=\"tel:+497541708109\"><i class=\"fa fa-phone\"><\/i>+49 (0)7541 708-109<\/a>[\/vc_column_text][\/vc_accordion_tab][vc_accordion_tab gutter_size=&#8221;2&#8243; column_padding=&#8221;2&#8243; title=&#8221;Exhibitor&#8217;s passes&#8221; tab_id=&#8221;1672834273964-39-6&#8243;][vc_column_text uncode_shortcode_id=&#8221;234585&#8243;]P. E. Schall GmbH &amp; Co. KG<br \/>\nGustav-Werner-Strasse 6<br \/>\n72636 Frickenhausen<br \/>\n<a class=\"contactlink\" href=\"tel:+4970259206700\"><i class=\"fa fa-phone\"><\/i>+49 (0)7025 920 6700<\/a><br \/>\n<a class=\"contactlink\" href=\"mailto:service@schall-messen.de\"><i class=\"fa fa-envelope\"><\/i>service@schall-messen.de<\/a><br \/>\n<a class=\"contactlink\" href=\"https:\/\/www.schall-messen.de%20target=_blank\"><i class=\"fa fa-globe\"><\/i>www.schall-messen.de<\/a>[\/vc_column_text][\/vc_accordion_tab][vc_accordion_tab gutter_size=&#8221;2&#8243; column_padding=&#8221;2&#8243; title=&#8221;Exhibiton risks insurance&#8221; tab_id=&#8221;1672834396391-40-0&#8243;][vc_column_text uncode_shortcode_id=&#8221;106659&#8243;]Frey Assekuranzmarker GmbH<br \/>\nOlgastrasse 4<br \/>\n88045 Friedrichshafen<br \/>\n<a class=\"contactlink\" href=\"tel:+49754130072\"><i class=\"fa fa-phone\"><\/i>+49 (0)7541 30072<\/a><br \/>\n<a class=\"contactlink\" href=\"mailto:manfred.werner@vm-frey.de\"><i class=\"fa fa-envelope\"><\/i>manfred.werner@vm-frey.de<\/a><br \/>\n<a class=\"contactlink\" href=\"https:\/\/www.vm-frey.de%20target=_blank\"><i class=\"fa fa-globe\"><\/i>www.vm-frey.de<\/a>[\/vc_column_text][\/vc_accordion_tab][vc_accordion_tab gutter_size=&#8221;2&#8243; column_padding=&#8221;2&#8243; title=&#8221;Car rental&#8221; tab_id=&#8221;1672834506598-41-8&#8243;][vc_column_text uncode_shortcode_id=&#8221;138454&#8243;]AVIS Autovermietung GmbH &amp; Co.KG<br \/>\nAm Flugplatz 64<br \/>\n88046 Friedrichshafen<br \/>\n<a class=\"contactlink\" href=\"tel:+4977541287828\"><i class=\"fa fa-phone\"><\/i>+49 (0)7541 287828<\/a><br \/>\n<a class=\"contactlink\" href=\"https:\/\/www.avis.de%20target=_blank\"><i class=\"fa fa-globe\"><\/i>www.avis.de<\/a>[\/vc_column_text][vc_column_text uncode_shortcode_id=&#8221;166958&#8243;]Hertz-Autovermietung GmbH<br \/>\nFlughafen 64<br \/>\n88046 Friedrichshafen<br \/>\n<a class=\"contactlink\" href=\"tel:+497541287828\"><i class=\"fa fa-phone\"><\/i>+49 (0)7541 2878 28<\/a><br \/>\n<a class=\"contactlink\" href=\"https:\/\/www.hertz.de%20target=_blank\"><i class=\"fa fa-globe\"><\/i>www.hertz.de<\/a>[\/vc_column_text][\/vc_accordion_tab][vc_accordion_tab gutter_size=&#8221;2&#8243; column_padding=&#8221;2&#8243; title=&#8221;rail station \u2013 harbour &gt; see also DB | Train information&#8221; tab_id=&#8221;1672922932374-11-7&#8243;][vc_column_text uncode_shortcode_id=&#8221;129416&#8243;]Bahnhof Friedrichshafen (Hafen)<br \/>\nRomanshorner Platz 12<br \/>\n88045 Friedrichshafen<br \/>\n<a class=\"contactlink\" href=\"https:\/\/www.bahnhof.de%20target=_blank\"><i class=\"fa fa-globe\"><\/i>www.bahnhof.de<\/a>[\/vc_column_text][\/vc_accordion_tab][vc_accordion_tab gutter_size=&#8221;2&#8243; column_padding=&#8221;2&#8243; title=&#8221;rail station \u2013 city &gt; see also DB | Train information&#8221; tab_id=&#8221;1672923089427-12-3&#8243;][vc_column_text uncode_shortcode_id=&#8221;435882&#8243;]Bahnhof Friedrichshafen (Stadt)<br \/>\nStadtbahnhof 1<br \/>\n88045 Friedrichshafen<br \/>\n<a class=\"contactlink\" href=\"https:\/\/www.bahnhof.de%20target=_blank\"><i class=\"fa fa-globe\"><\/i>www.bahnhof.de<\/a>[\/vc_column_text][\/vc_accordion_tab][vc_accordion_tab gutter_size=&#8221;2&#8243; column_padding=&#8221;2&#8243; title=&#8221;Bank&#8221; tab_id=&#8221;1672923128222-13-6&#8243;][vc_column_text uncode_shortcode_id=&#8221;131077&#8243;]Postbank<br \/>\nBahnhofplatz 1<br \/>\n88045 Friedrichshafen<br \/>\n<a class=\"contactlink\" href=\"tel:+491806555555\"><i class=\"fa fa-phone\"><\/i>+49 (0)1806 5555 550<\/a><br \/>\n<a class=\"contactlink\" href=\"https:\/\/www.postbank.de%20target=_blank\"><i class=\"fa fa-globe\"><\/i>www.postbank.de<\/a>[\/vc_column_text][vc_column_text uncode_shortcode_id=&#8221;860851&#8243;]Sparkasse Bodensee<br \/>\nCharlottenstra\u00dfe 2<br \/>\n88045 Friedrichshafen<br \/>\n<a class=\"contactlink\" href=\"tel:+4975417040\"><i class=\"fa fa-phone\"><\/i>+49 (0)7541 704 0<\/a><br \/>\n<a class=\"contactlink\" href=\"fax:+4975417044354\"><i class=\"fa fa-fax\"><\/i>+49 (0)7541 704 4354<\/a><br \/>\n<a class=\"contactlink\" href=\"https:\/\/www.sparkasse-bodensee.de%20target=_blank\"><i class=\"fa fa-globe\"><\/i>www.sparkasse-bodensee.de<\/a>[\/vc_column_text][vc_column_text uncode_shortcode_id=&#8221;120825&#8243;]<strong>(ATMs in the<br \/>\nFoyer West &amp; Foyer East)<\/strong><br \/>\nVolksbank Friedrichshafen eG<br \/>\nAilinger Stra\u00dfe 30<br \/>\n88046 Friedrichshafen<br \/>\n<a class=\"contactlink\" href=\"tel:+4975417090\"><i class=\"fa fa-phone\"><\/i>+49 (0)7541 7090<\/a><br \/>\n<a class=\"contactlink\" href=\"fax:+497541709103\"><i class=\"fa fa-fax\"><\/i>+49 (0)7541 7091 03<\/a><br \/>\n<a class=\"contactlink\" href=\"https:\/\/www.volksbank-fntt.de%20target=_blank\"><i class=\"fa fa-globe\"><\/i>www.volksbank-fntt.de<\/a>[\/vc_column_text][\/vc_accordion_tab][vc_accordion_tab gutter_size=&#8221;2&#8243; column_padding=&#8221;2&#8243; title=&#8221;Hardware Store | DIY Store&#8221; tab_id=&#8221;1672923429876-14-3&#8243;][vc_column_text uncode_shortcode_id=&#8221;632952&#8243;]OBI Heimwerkermarkt<br \/>\nAilingerstrasse 107<br \/>\n88046 Friedrichshafen<br \/>\n<a class=\"contactlink\" href=\"tel:+497541385840\"><i class=\"fa fa-phone\"><\/i>+49 (0)7541 3858 40<\/a><br \/>\n<a class=\"contactlink\" href=\"https:\/\/www.obi.de%20target=_blank\"><i class=\"fa fa-globe\"><\/i>www.obi.de<\/a>[\/vc_column_text][\/vc_accordion_tab][vc_accordion_tab gutter_size=&#8221;2&#8243; column_padding=&#8221;2&#8243; title=&#8221;Letterings, grafics, design&#8221; tab_id=&#8221;1672923503920-15-4&#8243;][vc_column_text uncode_shortcode_id=&#8221;160329&#8243;]plan &amp; kopie<br \/>\nCharlottenstrasse 24<br \/>\n88045 Friedrichshafen<br \/>\n<a class=\"contactlink\" href=\"tel:+49754125514\"><i class=\"fa fa-phone\"><\/i>+49 (0)7541 25514<\/a><br \/>\n<a class=\"contactlink\" href=\"fax:+49754125517\"><i class=\"fa fa-fax\"><\/i>+49 (0)7541 25517<\/a><br \/>\n<a class=\"contactlink\" href=\"mailto:info@plankopie-fn.de\"><i class=\"fa fa-envelope\"><\/i>info@plankopie-fn.de<\/a><br \/>\n<a class=\"contactlink\" href=\"https:\/\/www.plankopie-fn.de%20target=_blank\"><i class=\"fa fa-globe\"><\/i>www.plankopie-fn.de<\/a><br \/>\non site from last set-up day: Foyer West[\/vc_column_text][\/vc_accordion_tab][vc_accordion_tab gutter_size=&#8221;2&#8243; column_padding=&#8221;2&#8243; title=&#8221;Bistros&#8221; tab_id=&#8221;1672923634928-16-9&#8243;][vc_column_text uncode_shortcode_id=&#8221;164013&#8243;]<strong>Bistro \/ Trade Fair-shop foyer<\/strong><br \/>\nEast \/ West<br \/>\nKlink-Eberhard Event-Gastronomie<br \/>\n<a class=\"contactlink\" href=\"tel:+497541708795\"><i class=\"fa fa-phone\"><\/i>+49 (0)7541 708795<\/a><br \/>\n<a class=\"contactlink\" href=\"mailto:info@klink-eberhard.de\"><i class=\"fa fa-envelope\"><\/i>info@klink-eberhard.de<\/a><br \/>\n<a class=\"contactlink\" href=\"https:\/\/www.klink-eberhard.de%20target=_blank\"><i class=\"fa fa-globe\"><\/i>www.klink-eberhard.de<\/a>[\/vc_column_text][vc_column_text uncode_shortcode_id=&#8221;271156&#8243;]<strong>Bistro Bregenz<\/strong><br \/>\n(passage hall A3\/A4)<br \/>\nKlink-Eberhard Event-Gastronomie<br \/>\n<a class=\"contactlink\" href=\"tel:+497541708760\"><i class=\"fa fa-phone\"><\/i>+49 (0)7541 708760<\/a><br \/>\n<a class=\"contactlink\" href=\"mailto:info@klink-eberhard.de\"><i class=\"fa fa-envelope\"><\/i>info@klink-eberhard.de<\/a><br \/>\n<a class=\"contactlink\" href=\"https:\/\/www.klink-eberhard.de%20target=_blank\"><i class=\"fa fa-globe\"><\/i>www.klink-eberhard.de<\/a>[\/vc_column_text][vc_column_text uncode_shortcode_id=&#8221;154236&#8243;]<strong>Bistro Florence<\/strong><br \/>\n(passage hall A6\/A7)<br \/>\nKlink-Eberhard Event-Gastronomie<br \/>\n<a class=\"contactlink\" href=\"tel:+497541708712\"><i class=\"fa fa-phone\"><\/i>+49 (0)7541 708712<\/a><br \/>\n<a class=\"contactlink\" href=\"mailto:info@klink-eberhard.de\"><i class=\"fa fa-envelope\"><\/i>info@klink-eberhard.de<\/a><br \/>\n<a class=\"contactlink\" href=\"https:\/\/www.klink-eberhard.de%20target=_blank\"><i class=\"fa fa-globe\"><\/i>www.klink-eberhard.de<\/a>[\/vc_column_text][vc_column_text uncode_shortcode_id=&#8221;437961&#8243;]<strong>Bistro Constance<\/strong><br \/>\n(passage hall B1\/B2)<br \/>\nKlink-Eberhard Event-Gastronomie<br \/>\n<a class=\"contactlink\" href=\"mailto:info@klink-eberhard.de\"><i class=\"fa fa-envelope\"><\/i>info@klink-eberhard.de<\/a><br \/>\n<a class=\"contactlink\" href=\"https:\/\/www.klink-eberhard.de%20target=_blank\"><i class=\"fa fa-globe\"><\/i>www.klink-eberhard.de<\/a>[\/vc_column_text][vc_column_text uncode_shortcode_id=&#8221;464961&#8243;]<strong>Bistro Lindau<\/strong><br \/>\n(passage hall A4\/A5)<br \/>\nKlink-Eberhard Event-Gastronomie<br \/>\n<a class=\"contactlink\" href=\"tel:+497541708761\"><i class=\"fa fa-phone\"><\/i>+49 (0)7541 708761<\/a><br \/>\n<a class=\"contactlink\" href=\"mailto:info@klink-eberhard.de\"><i class=\"fa fa-envelope\"><\/i>info@klink-eberhard.de<\/a><br \/>\n<a class=\"contactlink\" href=\"https:\/\/www.klink-eberhard.de%20target=_blank\"><i class=\"fa fa-globe\"><\/i>www.klink-eberhard.de<\/a>[\/vc_column_text][vc_column_text uncode_shortcode_id=&#8221;552919&#8243;]<strong>Bistro Milan<\/strong><br \/>\n(passage hall B4\/B5)<br \/>\nKlink-Eberhard Event-Gastronomie<br \/>\n<a class=\"contactlink\" href=\"tel:+497541708713\"><i class=\"fa fa-phone\"><\/i>+49 (0)7541 708713<\/a><br \/>\n<a class=\"contactlink\" href=\"mailto:info@klink-eberhard.de\"><i class=\"fa fa-envelope\"><\/i>info@klink-eberhard.de<\/a><br \/>\n<a class=\"contactlink\" href=\"https:\/\/www.klink-eberhard.de%20target=_blank\"><i class=\"fa fa-globe\"><\/i>www.klink-eberhard.de<\/a>[\/vc_column_text][vc_column_text uncode_shortcode_id=&#8221;120905&#8243;]<strong>Bistro Mainau<\/strong><br \/>\n(passage hall B2\/B3)<br \/>\nKlink-Eberhard Event-Gastronomie<br \/>\n<a class=\"contactlink\" href=\"tel:+497541708762\"><i class=\"fa fa-phone\"><\/i>+49 (0)7541 708762<\/a><br \/>\n<a class=\"contactlink\" href=\"mailto:info@klink-eberhard.de\"><i class=\"fa fa-envelope\"><\/i>info@klink-eberhard.de<\/a><br \/>\n<a class=\"contactlink\" href=\"https:\/\/www.klink-eberhard.de%20target=_blank\"><i class=\"fa fa-globe\"><\/i>www.klink-eberhard.de<\/a>[\/vc_column_text][vc_column_text uncode_shortcode_id=&#8221;639609&#8243;]<strong>Bistro S\u00e4ntis<\/strong><br \/>\n(Foyer West)<br \/>\nKlink-Eberhard Event-Gastronomie<br \/>\n<a class=\"contactlink\" href=\"mailto:info@klink-eberhard.de\"><i class=\"fa fa-envelope\"><\/i>info@klink-eberhard.de<\/a><br \/>\n<a class=\"contactlink\" href=\"https:\/\/www.klink-eberhard.de%20target=_blank\"><i class=\"fa fa-globe\"><\/i>www.klink-eberhard.de<\/a>[\/vc_column_text][\/vc_accordion_tab][vc_accordion_tab gutter_size=&#8221;2&#8243; column_padding=&#8221;2&#8243; title=&#8221;(rental) Plants, floral arrangements&#8221; tab_id=&#8221;1672923975359-17-5&#8243;][vc_column_text uncode_shortcode_id=&#8221;535339&#8243;]Blumenhaus Mayer<br \/>\nHochstra\u00dfe 71<br \/>\n88045 Friedrichshafen<br \/>\n<a class=\"contactlink\" href=\"tel:+49754123033\"><i class=\"fa fa-phone\"><\/i>+49 (0)7541 23033<\/a><br \/>\n<a class=\"contactlink\" href=\"fax:+49754123035\"><i class=\"fa fa-fax\"><\/i>+49 (0)7541 23035<\/a><br \/>\n<a class=\"contactlink\" href=\"mailto:info@blumen-mayer.de\"><i class=\"fa fa-envelope\"><\/i>info@blumen-mayer.de<\/a><br \/>\n<a class=\"contactlink\" href=\"https:\/\/www.blumenhausmayer.de%20target=_blank\"><i class=\"fa fa-globe\"><\/i>www.blumenhausmayer.de<\/a>[\/vc_column_text][vc_column_text uncode_shortcode_id=&#8221;104880&#8243;]G\u00e4rtnerei V\u00f6gele<br \/>\nBuchenstra\u00dfe 24<br \/>\n88085 Langenargen<br \/>\n<a class=\"contactlink\" href=\"tel:+4975432301\"><i class=\"fa fa-phone\"><\/i>+49 (0)7543 2301<\/a><br \/>\nMobile: <a class=\"contactlink\" href=\"tel:+491704772301\"><i class=\"fa fa-phone\"><\/i>+49 (0)170 477 2301<\/a><br \/>\n<a class=\"contactlink\" href=\"fax:+49754349530\"><i class=\"fa fa-fax\"><\/i>+49 (0)7543 49530<\/a><br \/>\n<a class=\"contactlink\" href=\"mailto:info@blumen-voegele.de\"><i class=\"fa fa-envelope\"><\/i>info@blumen-voegele.de<\/a><br \/>\n<a class=\"contactlink\" href=\"https:\/\/www.blumen-voegele.de%20target=_blank\"><i class=\"fa fa-globe\"><\/i>www.blumen-voegele.de<\/a>[\/vc_column_text][\/vc_accordion_tab][vc_accordion_tab gutter_size=&#8221;2&#8243; column_padding=&#8221;2&#8243; title=&#8221;Floor coverings | Carpets&#8221; tab_id=&#8221;1672924236455-18-1&#8243;][vc_column_text uncode_shortcode_id=&#8221;198861&#8243;]expoCarpets &amp; more<br \/>\nHorst Balschukat e.V.<br \/>\nGeorg-Grether-Strasse 2<br \/>\n77694 Kehl<br \/>\n<a class=\"contactlink\" href=\"tel:+4978549873499\"><i class=\"fa fa-phone\"><\/i>+49 (0)7854 987 3499<\/a><br \/>\n<a class=\"contactlink\" href=\"fax:+4978549873503\"><i class=\"fa fa-fax\"><\/i>+49 (0)7854 987 3503<\/a><br \/>\n<a class=\"contactlink\" href=\"mailto:info@expocarpets-more.de\"><i class=\"fa fa-envelope\"><\/i>info@expocarpets-more.de<\/a><br \/>\n<a class=\"contactlink\" href=\"https:\/\/www.expocarpets-more.de%20target=_blank\"><i class=\"fa fa-globe\"><\/i>www.expocarpets-more.de<\/a>[\/vc_column_text][\/vc_accordion_tab][vc_accordion_tab gutter_size=&#8221;2&#8243; column_padding=&#8221;2&#8243; title=&#8221;Lake Constance Ferry&#8221; tab_id=&#8221;1672924352402-19-0&#8243;][vc_column_text uncode_shortcode_id=&#8221;125499&#8243;]<strong>Friedrichshafen &#8211; Romanshorn<\/strong><br \/>\nBodensee Schiffsbetriebe GmbH<br \/>\nHafenstra\u00dfe 6<br \/>\n78462 Konstanz<br \/>\n<a class=\"contactlink\" href=\"tel:+49753136400\"><i class=\"fa fa-phone\"><\/i>+49 (0)7531 36400<\/a><br \/>\n<a class=\"contactlink\" href=\"fax:+49753136403999\"><i class=\"fa fa-fax\"><\/i>+49 (0)7531 3640 3999<\/a><br \/>\n<a class=\"contactlink\" href=\"mailto:info@bsb.de\"><i class=\"fa fa-envelope\"><\/i>info@bsb.de<\/a><br \/>\n<a class=\"contactlink\" href=\"https:\/\/www.bsb.de%20target=_blank\"><i class=\"fa fa-globe\"><\/i>www.bsb.de<\/a>[\/vc_column_text][vc_column_text uncode_shortcode_id=&#8221;130712&#8243;]<strong>Meersburg \u2013 Konstanz<\/strong><br \/>\nStadtwerke Konstanz GmbH<br \/>\nMax-Stromeyer-Stra\u00dfe 21 \u2013 29 78467<br \/>\nKonstanz<br \/>\n<a class=\"contactlink\" href=\"tel:+4975318030\"><i class=\"fa fa-phone\"><\/i>+49 (0)7531 8030<\/a><br \/>\n<a class=\"contactlink\" href=\"fax:+4975318035123\"><i class=\"fa fa-fax\"><\/i>+49 (0)7531 803 5123<\/a><br \/>\n<a class=\"contactlink\" href=\"mailto:info@stadtwerke-konstanz.de\"><i class=\"fa fa-envelope\"><\/i>info@stadtwerke-konstanz.de<\/a><br \/>\n<a class=\"contactlink\" href=\"https:\/\/www.stadtwerke-konstanz.de%20target=_blank\"><i class=\"fa fa-globe\"><\/i>www.stadtwerke-konstanz.de<\/a>[\/vc_column_text][\/vc_accordion_tab][vc_accordion_tab gutter_size=&#8221;2&#8243; column_padding=&#8221;2&#8243; title=&#8221;Storage facility, Storage service&#8221; tab_id=&#8221;1672924446655-20-4&#8243;][vc_column_text uncode_shortcode_id=&#8221;111146&#8243;]&gt; See forwarding[\/vc_column_text][\/vc_accordion_tab][vc_accordion_tab gutter_size=&#8221;2&#8243; column_padding=&#8221;2&#8243; title=&#8221;Bus | Public transport&#8221; tab_id=&#8221;1672924607175-21-1&#8243;][vc_column_text uncode_shortcode_id=&#8221;733141&#8243;]Stadtverkehr Friedrichshafen GmbH<br \/>\nStadtbahnhof 1<br \/>\n88045 Friedrichshafen<br \/>\n<a class=\"contactlink\" href=\"tel:+49754131390\"><i class=\"fa fa-phone\"><\/i>+49 (0)7541 31390<\/a><br \/>\n<a class=\"contactlink\" href=\"fax:+497541708335\"><i class=\"fa fa-fax\"><\/i>+49 (0)7541 708-335<\/a><br \/>\n<a class=\"contactlink\" href=\"mailto:info@stadtverkehr-fn.de\"><i class=\"fa fa-envelope\"><\/i>info@stadtverkehr-fn.de<\/a><br \/>\n<a class=\"contactlink\" href=\"https:\/\/www.stadtverkehr-fn.de%20target=_blank\"><i class=\"fa fa-globe\"><\/i>www.stadtverkehr-fn.de<\/a>[\/vc_column_text][\/vc_accordion_tab][vc_accordion_tab gutter_size=&#8221;2&#8243; column_padding=&#8221;2&#8243; title=&#8221;Catering Exhibition Centre&#8221; tab_id=&#8221;1672931352464-22-4&#8243;][vc_column_text uncode_shortcode_id=&#8221;515637&#8243;]Klink-Eberhard Event-Gastronomie<br \/>\nZeppelinstra\u00dfe 310<br \/>\n88048 Friedrichshafen<br \/>\n<a class=\"contactlink\" href=\"tel:+497545936777\"><i class=\"fa fa-phone\"><\/i>+49 (0)7545 936777<\/a><br \/>\n<a class=\"contactlink\" href=\"fax:+497545936778\"><i class=\"fa fa-fax\"><\/i>+49 (0)7545 936778<\/a><br \/>\n<a class=\"contactlink\" href=\"mailto:info@klink-eberhard.de\"><i class=\"fa fa-envelope\"><\/i>info@klink-eberhard.de<\/a><br \/>\n<a class=\"contactlink\" href=\"https:\/\/www.klink-eberhard.de%20target=_blank\"><i class=\"fa fa-globe\"><\/i>www.klink-eberhard.de<\/a>[\/vc_column_text][\/vc_accordion_tab][vc_accordion_tab gutter_size=&#8221;2&#8243; column_padding=&#8221;2&#8243; title=&#8221;Computer | Presentation technology&#8221; tab_id=&#8221;1672931438986-23-10&#8243;][vc_column_text uncode_shortcode_id=&#8221;396475&#8243;]Organissimo GmbH<br \/>\nHochwaldstra\u00dfe 2<br \/>\n88677 Markdorf<br \/>\n<a class=\"contactlink\" href=\"tel:+49754495920\"><i class=\"fa fa-phone\"><\/i>+49 (0)7544 95920<\/a><br \/>\n<a class=\"contactlink\" href=\"fax:+497541959249\"><i class=\"fa fa-fax\"><\/i>+49 (0)7541 959249<\/a><br \/>\n<a class=\"contactlink\" href=\"mailto:messe@organissimo.de\"><i class=\"fa fa-envelope\"><\/i>messe@organissimo.de<\/a><br \/>\n<a class=\"contactlink\" href=\"https:\/\/www.organissimo.de%20target=_blank\"><i class=\"fa fa-globe\"><\/i>www.organissimo.de<\/a>[\/vc_column_text][\/vc_accordion_tab][vc_accordion_tab gutter_size=&#8221;2&#8243; column_padding=&#8221;2&#8243; title=&#8221;Container&#8221; tab_id=&#8221;1672931600227-24-7&#8243;][vc_column_text uncode_shortcode_id=&#8221;146359&#8243;]<strong>Container (other)<\/strong><br \/>\n&gt; see forwarding[\/vc_column_text][vc_column_text uncode_shortcode_id=&#8221;196179&#8243;]<strong>Containers for waste<\/strong><br \/>\n&gt;  see waste disposal[\/vc_column_text][\/vc_accordion_tab][vc_accordion_tab gutter_size=&#8221;2&#8243; column_padding=&#8221;2&#8243; title=&#8221;DB | Train information&#8221; tab_id=&#8221;1672931688398-25-4&#8243;][vc_column_text uncode_shortcode_id=&#8221;183366&#8243;]DB &#8211; automatic timetable information<br \/>\n<a class=\"contactlink\" href=\"tel:+498001507090\"><i class=\"fa fa-phone\"><\/i>+49 (0)800 150 7090<\/a><br \/>\nDB &#8211; 24h information desk<br \/>\n<a class=\"contactlink\" href=\"tel:+4911861\"><i class=\"fa fa-phone\"><\/i>+49 (0)1 18 61<\/a> (36ct \/ 15sec.)[\/vc_column_text][\/vc_accordion_tab][vc_accordion_tab gutter_size=&#8221;2&#8243; column_padding=&#8221;2&#8243; title=&#8221;DHL (express) shipments&#8221; tab_id=&#8221;1672931779386-26-0&#8243;][vc_column_text uncode_shortcode_id=&#8221;962234&#8243;]DHL Trade Fairs &amp; Events GmbH<br \/>\n<a class=\"contactlink\" href=\"tel:+4969976714110\"><i class=\"fa fa-phone\"><\/i>+49 (0)69 976 7141 10<\/a><br \/>\n<a class=\"contactlink\" href=\"tel:+497541708123\"><i class=\"fa fa-phone\"><\/i>+49 (0)7541 708 123<\/a> (on site)<br \/>\n<a class=\"contactlink\" href=\"fax:+4969976714130\"><i class=\"fa fa-fax\"><\/i>+49 (0)69 976 7141 30<\/a><br \/>\n<a class=\"contactlink\" href=\"mailto:dhl.fn@dhl.com\"><i class=\"fa fa-envelope\"><\/i>dhl.fn@dhl.come<\/a><br \/>\nduring construction, dismantling and trade fair:<br \/>\non site in the Foyer West[\/vc_column_text][\/vc_accordion_tab][vc_accordion_tab gutter_size=&#8221;2&#8243; column_padding=&#8221;2&#8243; title=&#8221;Interpreter service&#8221; tab_id=&#8221;1672931910419-27-3&#8243;][vc_column_text uncode_shortcode_id=&#8221;397087&#8243;]Ara Dolmetscherdienste GmbH<br \/>\nFrankenstrasse 30<br \/>\n74918 Angelbachtal<br \/>\n<a class=\"contactlink\" href=\"tel:+497265911808\"><i class=\"fa fa-phone\"><\/i>+49 (0)7265 911808<\/a><br \/>\n<a class=\"contactlink\" href=\"fax:+4972657559\"><i class=\"fa fa-fax\"><\/i>+49 (0)7265 7559<\/a><br \/>\n<a class=\"contactlink\" href=\"mailto:ara@ara-dolmetschen.de\"><i class=\"fa fa-envelope\"><\/i>ara@ara-dolmetschen.de<\/a><br \/>\n<a class=\"contactlink\" href=\"https:\/\/www.ara-dolmetschen.de%20target=_blank\"><i class=\"fa fa-globe\"><\/i>www.ara-dolmetschen.de<\/a>[\/vc_column_text][\/vc_accordion_tab][vc_accordion_tab gutter_size=&#8221;2&#8243; column_padding=&#8221;2&#8243; title=&#8221;Prints&#8221; tab_id=&#8221;1672932050576-29-8&#8243;][vc_column_text uncode_shortcode_id=&#8221;200169&#8243;]&gt; see letterings, grafics, design[\/vc_column_text][\/vc_accordion_tab][vc_accordion_tab gutter_size=&#8221;2&#8243; column_padding=&#8221;2&#8243; title=&#8221;Compressed air&#8221; tab_id=&#8221;1672932074228-30-1&#8243;][vc_column_text uncode_shortcode_id=&#8221;207404&#8243;]Messe Friedrichshafen GmbH<br \/>\nNeue Messe 1<br \/>\n88046 Friedrichshafen<br \/>\n<a class=\"contactlink\" href=\"tel:+497541708702\"><i class=\"fa fa-phone\"><\/i>+49 (0)7541 708-702<\/a> (Organization)<br \/>\n<a class=\"contactlink\" href=\"tel:+497541708901\"><i class=\"fa fa-phone\"><\/i>+49 (0)7541 708-901<\/a> (fair time)<br \/>\n<a class=\"contactlink\" href=\"fax:+497541708335\"><i class=\"fa fa-fax\"><\/i>+49 (0)7541 708-335<\/a><br \/>\n<a class=\"contactlink\" href=\"mailto:druckluft@messe-fn.de\"><i class=\"fa fa-envelope\"><\/i>druckluft@messe-fn.de<\/a><br \/>\n<a class=\"contactlink\" href=\"https:\/\/www.messe-friedrichshafen.de%20target=_blank\"><i class=\"fa fa-globe\"><\/i>www.messe-friedrichshafen.de<\/a>[\/vc_column_text][\/vc_accordion_tab][vc_accordion_tab gutter_size=&#8221;2&#8243; column_padding=&#8221;2&#8243; title=&#8221;Shopping center&#8221; tab_id=&#8221;1672932178479-31-2&#8243;][vc_column_text uncode_shortcode_id=&#8221;917489&#8243;]Marktkauf Friedrichshafen<br \/>\n\u00c4u\u00dfere Ailinger Stra\u00dfe 20<br \/>\n88046 Friedrichshafen<br \/>\n<a class=\"contactlink\" href=\"tel:+4975416050\"><i class=\"fa fa-phone\"><\/i>+49 (0)7541 6050<\/a><br \/>\n<a class=\"contactlink\" href=\"https:\/\/www.marktkauf.de%20target=_blank\"><i class=\"fa fa-globe\"><\/i>www.marktkauf.de<\/a>[\/vc_column_text][\/vc_accordion_tab][vc_accordion_tab gutter_size=&#8221;2&#8243; column_padding=&#8221;2&#8243; title=&#8221;Shopping center | DIY store&#8221; tab_id=&#8221;1672932244705-32-8&#8243;][vc_column_text uncode_shortcode_id=&#8221;476509&#8243;]&gt; see hardware Store | DIY Store[\/vc_column_text][\/vc_accordion_tab][vc_accordion_tab gutter_size=&#8221;2&#8243; column_padding=&#8221;2&#8243; title=&#8221;Shopping center | Shopping mall&#8221; tab_id=&#8221;1672932267667-33-8&#8243;][vc_column_text uncode_shortcode_id=&#8221;101936&#8243;]Bodensee-Center<br \/>\nMeistershofener Stra\u00dfe 14 \/ Ailinger Stra\u00dfe<br \/>\n88046 Friedrichshafen<br \/>\n<a class=\"contactlink\" href=\"tel:+4975413929540\"><i class=\"fa fa-phone\"><\/i>+49 (0)7541 392 9540<\/a><br \/>\n<a class=\"contactlink\" href=\"https:\/\/www.bodensee-center.de%20target=_blank\"><i class=\"fa fa-globe\"><\/i>www.bodensee-center.de<\/a>[\/vc_column_text][\/vc_accordion_tab][vc_accordion_tab gutter_size=&#8221;2&#8243; column_padding=&#8221;2&#8243; title=&#8221;Electrical installation&#8221; tab_id=&#8221;1672932324758-34-9&#8243;][vc_column_text uncode_shortcode_id=&#8221;130940&#8243;]<strong>Hall A1, Hall A2, Hall A3, Foyer West, Foyer A1<\/strong><br \/>\nElektro Brauchle &amp; Partner<br \/>\nMerkurstra\u00dfe 3<br \/>\n88046 Friedrichshafen<br \/>\n<a class=\"contactlink\" href=\"tel:+49754151020\"><i class=\"fa fa-phone\"><\/i>+49 (0)7541 51020<\/a><br \/>\nMobile: <a class=\"contactlink\" href=\"tel:+491712491152\"><i class=\"fa fa-phone\"><\/i>+49 (0)171 249 1152<\/a><br \/>\n<a class=\"contactlink\" href=\"fax:+49754157776\"><i class=\"fa fa-fax\"><\/i>+49 (0)7541 57776<\/a><br \/>\n<a class=\"contactlink\" href=\"mailto:info@elektro-brauchle-partner.de\"><i class=\"fa fa-envelope\"><\/i>info@elektro-brauchle-partner.de<\/a><br \/>\n<a class=\"contactlink\" href=\"https:\/\/www.elektro-brauchle-partner.de%20target=_blank\"><i class=\"fa fa-globe\"><\/i>www.elektro-brauchle-partner.de<\/a>[\/vc_column_text][vc_column_text uncode_shortcode_id=&#8221;152271&#8243;]<strong>Hall A4, Hall A7, Foyer East<\/strong><br \/>\nElectrical Maier<br \/>\nDornierstra\u00dfe 6<br \/>\n88048 Friedrichshafen<br \/>\n<a class=\"contactlink\" href=\"tel:+49754141278\"><i class=\"fa fa-phone\"><\/i>+49 (0)7541 41278<\/a><br \/>\nMobile: <a class=\"contactlink\" href=\"tel:+4916090534108\"><i class=\"fa fa-phone\"><\/i>+49 (0)160 9053 4108<\/a> (A. Maier)<br \/>\n<a class=\"contactlink\" href=\"fax:+49754143884\"><i class=\"fa fa-fax\"><\/i>+49 (0)7541 43884<\/a><br \/>\n<a class=\"contactlink\" href=\"mailto:info@elektro-maier-fn.de\"><i class=\"fa fa-envelope\"><\/i>info@elektro-maier-fn.de<\/a><br \/>\n<a class=\"contactlink\" href=\"https:\/\/www.elektro-maier-fn.de%20target=_blank\"><i class=\"fa fa-globe\"><\/i>www.elektro-maier-fn.de<\/a>[\/vc_column_text][vc_column_text uncode_shortcode_id=&#8221;154099&#8243;]<strong>Hall A5, Hall A6, East passage<\/strong><br \/>\nElektro B\u00e4zner GmbH<br \/>\nZeppelnstrasse 278<br \/>\n88048 Friedrichshafen<br \/>\n<a class=\"contactlink\" href=\"tel:+49754195070\"><i class=\"fa fa-phone\"><\/i>+49 (0)7541 95070<\/a><br \/>\nMobile: <a class=\"contactlink\" href=\"tel:+491709984151\"><i class=\"fa fa-phone\"><\/i>+49 (0)170 998 4151<\/a> (A. Maier)<br \/>\n<a class=\"contactlink\" href=\"fax:+497541950750\"><i class=\"fa fa-fax\"><\/i>+49 (0)7541 9507 50<\/a><br \/>\n<a class=\"contactlink\" href=\"mailto:baezner@baezner.de\"><i class=\"fa fa-envelope\"><\/i>baezner@baezner.de<\/a><br \/>\n<a class=\"contactlink\" href=\"https:\/\/www.baezner-euronics.de%20target=_blank\"><i class=\"fa fa-globe\"><\/i>www.baezner-euronics.de<\/a>[\/vc_column_text][vc_column_text uncode_shortcode_id=&#8221;743505&#8243;]<strong>Hall B1, Hall B2, Hall B5, Outdoor Area West, Outdoor Area East<\/strong><br \/>\nElektro Zeller GmbH<br \/>\nAdelheidstra\u00dfe 39<br \/>\n88046 Friedrichshafen<br \/>\n<a class=\"contactlink\" href=\"tel:+49754172649\"><i class=\"fa fa-phone\"><\/i>+49 (0)7541 72649<\/a><br \/>\nMobile: <a class=\"contactlink\" href=\"tel:+491714245409\"><i class=\"fa fa-phone\"><\/i>+49 (0)171 424 5409<\/a> (A. Maier)<br \/>\n<a class=\"contactlink\" href=\"fax:+49754175456\"><i class=\"fa fa-fax\"><\/i>+49 (0)7541 75456<\/a><br \/>\n<a class=\"contactlink\" href=\"mailto:info@elektro-zeller.de\"><i class=\"fa fa-envelope\"><\/i>info@elektro-zeller.de<\/a><br \/>\n<a class=\"contactlink\" href=\"https:\/\/www.elektro-zeller.de%20target=_blank\"><i class=\"fa fa-globe\"><\/i>www.elektro-zeller.de<\/a>[\/vc_column_text][vc_column_text uncode_shortcode_id=&#8221;125700&#8243;]<strong>Hall B3, Hall B4, Passage East<\/strong><br \/>\nElektro Hanser GmbH<br \/>\nWaggershauser Stra\u00dfe 14<br \/>\n88048 Friedrichshafen<br \/>\n<a class=\"contactlink\" href=\"tel:+49754157071\"><i class=\"fa fa-phone\"><\/i>+49 (0)7541 57071<\/a><br \/>\nMobile: <a class=\"contactlink\" href=\"tel:+491713735137\"><i class=\"fa fa-phone\"><\/i>+49 (0)171 373 5137<\/a> (A. Maier)<br \/>\n<a class=\"contactlink\" href=\"fax:+49754157072\"><i class=\"fa fa-fax\"><\/i>+49 (0)7541 57072<\/a><br \/>\n<a class=\"contactlink\" href=\"mailto:service@elektro-hanser.de\"><i class=\"fa fa-envelope\"><\/i>service@elektro-hanser.de<\/a><br \/>\n<a class=\"contactlink\" href=\"https:\/\/www.elektro-hanser.de%20target=_blank\"><i class=\"fa fa-globe\"><\/i>www.elektro-hanser.de<\/a>[\/vc_column_text][\/vc_accordion_tab][vc_accordion_tab gutter_size=&#8221;2&#8243; column_padding=&#8221;2&#8243; title=&#8221;Fire department&#8221; tab_id=&#8221;1672933957506-35-4&#8243;][vc_column_text uncode_shortcode_id=&#8221;150733&#8243;]Emergency call <a class=\"contactlink\" href=\"tel:+49112\"><i class=\"fa fa-phone\"><\/i>112<\/a><br \/>\nor<br \/>\n<a class=\"contactlink\" href=\"tel:+497541708120\"><i class=\"fa fa-phone\"><\/i>+49 (0)7541 708120<\/a>[\/vc_column_text][\/vc_accordion_tab][vc_accordion_tab gutter_size=&#8221;2&#8243; column_padding=&#8221;2&#8243; title=&#8221;Friedrichshafen Airport&#8221; tab_id=&#8221;1672934036987-36-4&#8243;][vc_column_text uncode_shortcode_id=&#8221;168241&#8243;]Flughafen Friedrichshafen GmbH<br \/>\nAm Flugplatz 64<br \/>\n88046 Friedrichshafen<br \/>\n<a class=\"contactlink\" href=\"tel:+4975412840\"><i class=\"fa fa-phone\"><\/i>+49 (0)7541 2840<\/a><br \/>\n<a class=\"contactlink\" href=\"fax:+497541284207\"><i class=\"fa fa-fax\"><\/i>+49 (0)7541 284207<\/a><br \/>\n<a class=\"contactlink\" href=\"mailto:info@bodensee-airport.eu\"><i class=\"fa fa-envelope\"><\/i>info@bodensee-airport.eu<\/a><br \/>\n<a class=\"contactlink\" href=\"https:\/\/www.bodensee-airport.eu%20target=_blank\"><i class=\"fa fa-globe\"><\/i>www.bodensee-airport.eu<\/a>[\/vc_column_text][\/vc_accordion_tab][vc_accordion_tab gutter_size=&#8221;2&#8243; column_padding=&#8221;2&#8243; title=&#8221;Copies&#8221; tab_id=&#8221;1672934128560-37-3&#8243;][vc_column_text uncode_shortcode_id=&#8221;208048&#8243;]&gt; see letterings, grafics, design[\/vc_column_text][\/vc_accordion_tab][vc_accordion_tab gutter_size=&#8221;2&#8243; column_padding=&#8221;2&#8243; title=&#8221;Catering (bistros, restaurants)&#8221; tab_id=&#8221;1672934155389-38-3&#8243;][vc_column_text uncode_shortcode_id=&#8221;203743&#8243;]&gt; see catering Exhibition center (bistros, restaurants)[\/vc_column_text][\/vc_accordion_tab][vc_accordion_tab gutter_size=&#8221;2&#8243; column_padding=&#8221;2&#8243; title=&#8221;ATM&#8221; tab_id=&#8221;1672934192727-39-9&#8243;][vc_column_text uncode_shortcode_id=&#8221;122435&#8243;]Foyer West, Foyer East\/East[\/vc_column_text][\/vc_accordion_tab][vc_accordion_tab gutter_size=&#8221;2&#8243; column_padding=&#8221;2&#8243; title=&#8221;GEMA (registration of musical performances)&#8221; tab_id=&#8221;1672934215594-40-0&#8243;][vc_column_text uncode_shortcode_id=&#8221;169536&#8243;]GEMA Bezirksdirektion Stuttgart<br \/>\nHerdweg 63<br \/>\n70174 Stuttgart<br \/>\n<a class=\"contactlink\" href=\"tel:+497112252720\"><i class=\"fa fa-phone\"><\/i>+49 (0)711 225 2720<\/a><br \/>\n<a class=\"contactlink\" href=\"fax:+497112252800\"><i class=\"fa fa-fax\"><\/i>+49 (0)711 225 2800<\/a><br \/>\n<a class=\"contactlink\" href=\"mailto:bd-s@gema.de\"><i class=\"fa fa-envelope\"><\/i>bd-s@gema.de<\/a><br \/>\n<a class=\"contactlink\" href=\"https:\/\/www.gema.de%20target=_blank\"><i class=\"fa fa-globe\"><\/i>www.gema.de<\/a>[\/vc_column_text][\/vc_accordion_tab][vc_accordion_tab gutter_size=&#8221;2&#8243; column_padding=&#8221;2&#8243; title=&#8221;Beverages&#8221; tab_id=&#8221;1672934306839-41-8&#8243;][vc_column_text uncode_shortcode_id=&#8221;422212&#8243;]&gt; see catering Exhibition center (bistros, restaurants)[\/vc_column_text][\/vc_accordion_tab][vc_accordion_tab gutter_size=&#8221;2&#8243; column_padding=&#8221;2&#8243; title=&#8221;Poison emergency number&#8221; tab_id=&#8221;1672934329090-42-6&#8243;][vc_column_text uncode_shortcode_id=&#8221;203500&#8243;]<a class=\"contactlink\" href=\"tel:+4976119240\"><i class=\"fa fa-phone\"><\/i>+49 (0)761 19240<\/a>[\/vc_column_text][\/vc_accordion_tab][vc_accordion_tab gutter_size=&#8221;2&#8243; column_padding=&#8221;2&#8243; title=&#8221;Cell Phone Doctor&#8221; tab_id=&#8221;1672934384285-43-2&#8243;][vc_column_text uncode_shortcode_id=&#8221;928542&#8243;]Multimediatechnik Martin B\u00e4der<br \/>\n<a class=\"contactlink\" href=\"tel:+4975447440399\"><i class=\"fa fa-phone\"><\/i>+49 (0)7544 744 0399<\/a><br \/>\n<a class=\"contactlink\" href=\"fax:+4917660902994\"><i class=\"fa fa-fax\"><\/i>+49 (0)176 6090 2994<\/a><br \/>\n<a class=\"contactlink\" href=\"mailto:martin.baeder@web.de\"><i class=\"fa fa-envelope\"><\/i>martin.baeder@web.de<\/a><br \/>\n(short-term repairs necessarily by telephone<br \/>\npreregister)[\/vc_column_text][\/vc_accordion_tab][vc_accordion_tab gutter_size=&#8221;2&#8243; column_padding=&#8221;2&#8243; title=&#8221;Hotel room&#8221; tab_id=&#8221;1672934481445-44-4&#8243;][vc_column_text uncode_shortcode_id=&#8221;169276&#8243;]&gt;  See Tourist Information[\/vc_column_text][\/vc_accordion_tab][vc_accordion_tab gutter_size=&#8221;2&#8243; column_padding=&#8221;2&#8243; title=&#8221;Catalogue entry fair catalogue&#8221; tab_id=&#8221;1672934541058-45-0&#8243;][vc_column_text uncode_shortcode_id=&#8221;206371&#8243;]P. E. Schall GmbH &amp; Co. KG<br \/>\nGustav-Werner-Strasse 6<br \/>\n72636 Frickenhausen<br \/>\n<a class=\"contactlink\" href=\"tel:+4970259206700\"><i class=\"fa fa-phone\"><\/i>+49 (0)7025 920 6700<\/a><br \/>\n<a class=\"contactlink\" href=\"mailto:service@schall-messen.de\"><i class=\"fa fa-envelope\"><\/i>service@schall-messen.de<\/a><br \/>\n<a class=\"contactlink\" href=\"https:\/\/www.schall-messen.de%20target=_blank\"><i class=\"fa fa-globe\"><\/i>www.schall-messen.de<\/a>[\/vc_column_text][\/vc_accordion_tab][vc_accordion_tab gutter_size=&#8221;2&#8243; column_padding=&#8221;2&#8243; title=&#8221;Conference rooms (rental)&#8221; tab_id=&#8221;1672934615903-46-6&#8243;][vc_column_text uncode_shortcode_id=&#8221;188736&#8243;]Messe Friedrichshafen GmbH<br \/>\nNeue Messe 1<br \/>\n88048 Friedrichshafen<br \/>\n<a class=\"contactlink\" href=\"tel:+497541708184\"><i class=\"fa fa-phone\"><\/i>+49 (0)7541 708-184<\/a><br \/>\n<a class=\"contactlink\" href=\"fax:+4975417082184\"><i class=\"fa fa-fax\"><\/i>+49 (0)7541 708-2184<\/a><br \/>\n<a class=\"contactlink\" href=\"mailto:onisha.guenzel@messe-fn.de\"><i class=\"fa fa-envelope\"><\/i>onisha.guenzel@messe-fn.de<\/a><br \/>\n<a class=\"contactlink\" href=\"https:\/\/www.messe-friedrichshafen.de%20target=_blank\"><i class=\"fa fa-globe\"><\/i>www.messe-friedrichshafen.de<\/a>[\/vc_column_text][\/vc_accordion_tab][vc_accordion_tab gutter_size=&#8221;2&#8243; column_padding=&#8221;2&#8243; title=&#8221;Copies&#8221; tab_id=&#8221;1672934732665-47-5&#8243;][vc_column_text uncode_shortcode_id=&#8221;143407&#8243;]&gt; see letterings, grafics, design[\/vc_column_text][\/vc_accordion_tab][vc_accordion_tab gutter_size=&#8221;2&#8243; column_padding=&#8221;2&#8243; title=&#8221;Cranes&#8221; tab_id=&#8221;1672934756028-48-1&#8243;][vc_column_text uncode_shortcode_id=&#8221;175659&#8243;]&gt; See forwarding[\/vc_column_text][\/vc_accordion_tab][vc_accordion_tab gutter_size=&#8221;2&#8243; column_padding=&#8221;2&#8243; title=&#8221;Hospital&#8221; tab_id=&#8221;1672934777278-49-4&#8243;][vc_column_text uncode_shortcode_id=&#8221;180295&#8243;]&gt; see also Doctor | Medical Service[\/vc_column_text][vc_column_text uncode_shortcode_id=&#8221;174451&#8243;]Klinikum Friedrichshafen<br \/>\nR\u00f6ntgenstrasse 2<br \/>\n88048 Friedrichshafen<br \/>\n<a class=\"contactlink\" href=\"tel:+497541960\"><i class=\"fa fa-phone\"><\/i>+49 (0)7541 960<\/a><br \/>\n<a class=\"contactlink\" href=\"https:\/\/www.klinikum-friedrichshafen.de%20target=_blank\"><i class=\"fa fa-globe\"><\/i>www.klinikum-friedrichshafen.de<\/a>[\/vc_column_text][\/vc_accordion_tab][vc_accordion_tab gutter_size=&#8221;2&#8243; column_padding=&#8221;2&#8243; title=&#8221;Stock&#8221; tab_id=&#8221;1672934866545-50-1&#8243;][vc_column_text uncode_shortcode_id=&#8221;404715&#8243;]&gt; See forwarding[\/vc_column_text][\/vc_accordion_tab][vc_accordion_tab gutter_size=&#8221;2&#8243; column_padding=&#8221;2&#8243; title=&#8221;Loudspeaker announcements&#8221; tab_id=&#8221;1672934886645-51-9&#8243;][vc_column_text uncode_shortcode_id=&#8221;187628&#8243;]Messe Friedrichshafen GmbH<br \/>\nNeue Messe 1<br \/>\n88048 Friedrichshafen<br \/>\nInfo-West (Foyer West) <a class=\"contactlink\" href=\"tel:+497541708777\"><i class=\"fa fa-phone\"><\/i>+49 (0)7541 708-777<\/a><br \/>\nInfo-East (Foyer East) <a class=\"contactlink\" href=\"tel:+497541708747\"><i class=\"fa fa-phone\"><\/i>+49 (0)7541 708747<\/a>[\/vc_column_text][\/vc_accordion_tab][vc_accordion_tab gutter_size=&#8221;2&#8243; column_padding=&#8221;2&#8243; title=&#8221;Empties&#8221; tab_id=&#8221;1672935821033-52-1&#8243;][vc_column_text uncode_shortcode_id=&#8221;101780&#8243;]&gt; See forwarding[\/vc_column_text][\/vc_accordion_tab][vc_accordion_tab gutter_size=&#8221;2&#8243; column_padding=&#8221;2&#8243; title=&#8221;Meeting rooms&#8221; tab_id=&#8221;1672935918089-53-2&#8243;][vc_column_text uncode_shortcode_id=&#8221;142050&#8243;]&gt;  see conference rooms[\/vc_column_text][\/vc_accordion_tab][vc_accordion_tab gutter_size=&#8221;2&#8243; column_padding=&#8221;2&#8243; title=&#8221;Fair Express (Line MX) | Fair Shuttle | Bus Shuttle&#8221; tab_id=&#8221;1672935951906-54-5&#8243;][vc_column_text uncode_shortcode_id=&#8221;558770&#8243;]&gt;  see bus | public transport[\/vc_column_text][\/vc_accordion_tab][vc_accordion_tab gutter_size=&#8221;2&#8243; column_padding=&#8221;2&#8243; title=&#8221;Stand-rental System&#8221; tab_id=&#8221;1672935992998-55-6&#8243;][vc_column_text uncode_shortcode_id=&#8221;570234&#8243;]mlg Messe- und Ladenbaugesellschaft mbH<br \/>\nDr.-Ernst-Zimmermann-Allee 10<br \/>\n85757 Karlsfeld \/ Munich<br \/>\n<a class=\"contactlink\" href=\"tel:+498131669980\"><i class=\"fa fa-phone\"><\/i>+49 (0)8131 669 980<\/a><br \/>\n<a class=\"contactlink\" href=\"fax:+4981316699810\"><i class=\"fa fa-fax\"><\/i>+49 (0)8131 669 9810<\/a><br \/>\n<a class=\"contactlink\" href=\"mailto:info@mlg-messebau.de\"><i class=\"fa fa-envelope\"><\/i>info@mlg-messebau.de<\/a><br \/>\n<a class=\"contactlink\" href=\"https:\/\/www.mlg-messebau.de%20target=_blank\"><i class=\"fa fa-globe\"><\/i>www.mlg-messebau.de<\/a>[\/vc_column_text][\/vc_accordion_tab][vc_accordion_tab gutter_size=&#8221;2&#8243; column_padding=&#8221;2&#8243; title=&#8221;Rental furniture&#8221; tab_id=&#8221;1672936099601-56-3&#8243;][vc_column_text uncode_shortcode_id=&#8221;138532&#8243;]Hummel Mietm\u00f6belverleih GmbH<br \/>\nWilly-Brandt-Allee 9<br \/>\n81829 Munich<br \/>\n<a class=\"contactlink\" href=\"tel:+498994924930\"><i class=\"fa fa-phone\"><\/i>+49 (0)89 9492 4930<\/a><br \/>\n<a class=\"contactlink\" href=\"tel:+497541708810\"><i class=\"fa fa-phone\"><\/i>+49 (0)7541 708810<\/a> (on site)<br \/>\n<a class=\"contactlink\" href=\"fax:+498994924933\"><i class=\"fa fa-fax\"><\/i>+49 (0)89 9492 4933<\/a><br \/>\n<a class=\"contactlink\" href=\"mailto:info@hummel-mietmoebel.de\"><i class=\"fa fa-envelope\"><\/i>info@hummel-mietmoebel.de<\/a><br \/>\n<a class=\"contactlink\" href=\"https:\/\/www.hummel-mietmoebel.de%20target=_blank\"><i class=\"fa fa-globe\"><\/i>www.hummel-mietmoebel.de<\/a>[\/vc_column_text][\/vc_accordion_tab][vc_accordion_tab gutter_size=&#8221;2&#8243; column_padding=&#8221;2&#8243; title=&#8221;Waste disposal&#8221; tab_id=&#8221;1672587305145-21-4&#8243;][vc_column_text uncode_shortcode_id=&#8221;211460&#8243;]Messe Friedrichshafen GmbH<br \/>\nNeue Messe 1<br \/>\n88046 Friedrichshafen<br \/>\n<a class=\"contactlink\" href=\"tel:+497541708700\"><i class=\"fa fa-phone\"><\/i>+49 (0)7541 708-700<\/a><br \/>\n<a class=\"contactlink\" href=\"fax:+497541708335\"><i class=\"fa fa-fax\"><\/i>+49 (0)7541 708-335<\/a><br \/>\n<a class=\"contactlink\" href=\"mailto:petra.koch@messe-fn.de\"><i class=\"fa fa-envelope\"><\/i>petra.koch@messe-fn.de<\/a><br \/>\n<a class=\"contactlink\" href=\"https:\/\/www.messe-friedrichshafen.de%20target=_blank\"><i class=\"fa fa-globe\"><\/i>www.messe-friedrichshafen.de<\/a>[\/vc_column_text][\/vc_accordion_tab][vc_accordion_tab gutter_size=&#8221;2&#8243; column_padding=&#8221;2&#8243; title=&#8221;Music registration&#8221; tab_id=&#8221;1672936238744-57-3&#8243;][vc_column_text uncode_shortcode_id=&#8221;755951&#8243;]&gt;  see GEMA[\/vc_column_text][\/vc_accordion_tab][vc_accordion_tab gutter_size=&#8221;2&#8243; column_padding=&#8221;2&#8243; title=&#8221;Emergency call&#8221; tab_id=&#8221;1672936274057-58-3&#8243;][vc_column_text uncode_shortcode_id=&#8221;202741&#8243;]&gt;  see doctor | DRK<br \/>\n&gt;  See hospital<br \/>\n&gt;  See fire department<br \/>\n&gt;  See police[\/vc_column_text][vc_column_text uncode_shortcode_id=&#8221;820791&#8243;]<strong>Police<\/strong><br \/>\n<a class=\"contactlink\" href=\"tel:+49110\"><i class=\"fa fa-phone\"><\/i>110<\/a>[\/vc_column_text][vc_column_text uncode_shortcode_id=&#8221;127447&#8243;]<strong>Fire department<\/strong><br \/>\n<a class=\"contactlink\" href=\"tel:+49112\"><i class=\"fa fa-phone\"><\/i>112<\/a>[\/vc_column_text][\/vc_accordion_tab][vc_accordion_tab gutter_size=&#8221;2&#8243; column_padding=&#8221;2&#8243; title=&#8221;Packages&#8221; tab_id=&#8221;1673191960634-59-0&#8243;][vc_column_text uncode_shortcode_id=&#8221;110798&#8243;]Messe Friedrichshafen GmbH<br \/>\nNeue Messe 1<br \/>\n88046 Friedrichshafen<br \/>\nDPD: <a class=\"contactlink\" href=\"tel:+491806373200\"><i class=\"fa fa-phone\"><\/i>+49 (0)1806 3732 00<\/a><br \/>\nUPS: <a class=\"contactlink\" href=\"tel:+491806882663\"><i class=\"fa fa-phone\"><\/i>+49 (0)1806 8826 63<\/a><br \/>\nDHL: &gt; see DHL (express) shipments[\/vc_column_text][\/vc_accordion_tab][vc_accordion_tab gutter_size=&#8221;2&#8243; column_padding=&#8221;2&#8243; title=&#8221;Parking Passes (exhibitor)&#8221; tab_id=&#8221;1673192038552-60-0&#8243;][vc_column_text uncode_shortcode_id=&#8221;352703&#8243;]P. E. Schall GmbH &amp; Co. KG<br \/>\nGustav-Werner-Strasse 6<br \/>\n72636 Frickenhausen<br \/>\non site: project management west<br \/>\n<a class=\"contactlink\" href=\"tel:+4970259206700\"><i class=\"fa fa-phone\"><\/i>+49 7025 920 6700<\/a><br \/>\n<a class=\"contactlink\" href=\"mailto:service@schall-messen.de\"><i class=\"fa fa-envelope\"><\/i>service@schall-messen.de<\/a>[\/vc_column_text][\/vc_accordion_tab][vc_accordion_tab gutter_size=&#8221;2&#8243; column_padding=&#8221;2&#8243; title=&#8221;Parking (visitors) &#8211; not bookable in advance&#8221; tab_id=&#8221;1673192204274-61-6&#8243;][vc_column_text uncode_shortcode_id=&#8221;102448&#8243;]Messe Friedrichshafen GmbH<br \/>\nNeue Messe 1<br \/>\n88046 Friedrichshafen<br \/>\n<a class=\"contactlink\" href=\"tel:+4975417080\"><i class=\"fa fa-phone\"><\/i>+49 (0)7541 708-0<\/a><br \/>\n<a class=\"contactlink\" href=\"fax:+497541708110\"><i class=\"fa fa-fax\"><\/i>+49 (0)7541 708-110<\/a><br \/>\n<a class=\"contactlink\" href=\"mailto:info@messe-fn.de\"><i class=\"fa fa-envelope\"><\/i>info@messe-fn.de<\/a><br \/>\n<a class=\"contactlink\" href=\"https:\/\/www.messe-friedrichshafen.de%20target=_blank\"><i class=\"fa fa-globe\"><\/i>www.messe-friedrichshafen.de<\/a>[\/vc_column_text][\/vc_accordion_tab][vc_accordion_tab gutter_size=&#8221;2&#8243; column_padding=&#8221;2&#8243; title=&#8221;Recruitment Services | stand Guards&#8221; tab_id=&#8221;1673192291112-62-1&#8243;][vc_column_text uncode_shortcode_id=&#8221;128488&#8243;]MY v.i.p. Service GmbH &amp; Co. KG<br \/>\nNeue Messe 3<br \/>\n88046 Friedrichshafen<br \/>\n<a class=\"contactlink\" href=\"tel:+497541708853\"><i class=\"fa fa-phone\"><\/i>+49 (0)7541 708-853<\/a><br \/>\n<a class=\"contactlink\" href=\"fax:+497541708337\"><i class=\"fa fa-fax\"><\/i>+49 (0)7541 708-337<\/a><br \/>\n<a class=\"contactlink\" href=\"mailto:info@my-vip-service.de\"><i class=\"fa fa-envelope\"><\/i>info@my-vip-service.de<\/a><br \/>\n<a class=\"contactlink\" href=\"https:\/\/www.my-vip-service.de%20target=_blank\"><i class=\"fa fa-globe\"><\/i>www.my-vip-service.de<\/a>[\/vc_column_text][\/vc_accordion_tab][vc_accordion_tab gutter_size=&#8221;2&#8243; column_padding=&#8221;2&#8243; title=&#8221;Police&#8221; tab_id=&#8221;1673192429713-63-9&#8243;][vc_column_text uncode_shortcode_id=&#8221;111796&#8243;]<a class=\"contactlink\" href=\"tel:+49110\"><i class=\"fa fa-phone\"><\/i>110<\/a><br \/>\n<a class=\"contactlink\" href=\"tel:+497541708111\"><i class=\"fa fa-phone\"><\/i>+49 (0)7541 708-111<\/a> (on site)[\/vc_column_text][\/vc_accordion_tab][vc_accordion_tab gutter_size=&#8221;2&#8243; column_padding=&#8221;2&#8243; title=&#8221;Post office&#8221; tab_id=&#8221;1673192498795-64-4&#8243;][vc_column_text uncode_shortcode_id=&#8221;254863&#8243;]Deutsche Post<br \/>\nBahnhofplatz 1<br \/>\n88048 Friedrichshafen<br \/>\n<a class=\"contactlink\" href=\"tel:+491806555555\"><i class=\"fa fa-phone\"><\/i>+49 (0)1806 5555 55<\/a><br \/>\n<a class=\"contactlink\" href=\"https:\/\/www.post.de%20target=_blank\"><i class=\"fa fa-globe\"><\/i>www.post.de<\/a>[\/vc_column_text][\/vc_accordion_tab][vc_accordion_tab gutter_size=&#8221;2&#8243; column_padding=&#8221;2&#8243; title=&#8221;Presentation &amp; Media Technology&#8221; tab_id=&#8221;1673192559609-65-5&#8243;][vc_column_text uncode_shortcode_id=&#8221;896063&#8243;]&gt;  see computer |<br \/>\nPresentation technology[\/vc_column_text][\/vc_accordion_tab][vc_accordion_tab gutter_size=&#8221;2&#8243; column_padding=&#8221;2&#8243; title=&#8221;Press Center East&#8221; tab_id=&#8221;1673192580204-66-10&#8243;][vc_column_text uncode_shortcode_id=&#8221;197412&#8243;]P. E. Schall GmbH &amp; Co. KG<br \/>\n<a class=\"contactlink\" href=\"tel:+497541708740\"><i class=\"fa fa-phone\"><\/i>+49 (0)7541 708-740<\/a><br \/>\n<a class=\"contactlink\" href=\"fax:+497541708335\"><i class=\"fa fa-fax\"><\/i>+49 (0)7541 708-335<\/a><br \/>\n<a class=\"contactlink\" href=\"mailto:fakuma@schall-messen.de\"><i class=\"fa fa-envelope\"><\/i>fakuma@schall-messen.de<\/a><br \/>\n<a class=\"contactlink\" href=\"https:\/\/www.fakuma-messe.de%20target=_blank\"><i class=\"fa fa-globe\"><\/i>www.fakuma-messe.de<\/a>[\/vc_column_text][\/vc_accordion_tab][vc_accordion_tab gutter_size=&#8221;2&#8243; column_padding=&#8221;2&#8243; title=&#8221;Project management Foyer East (during assembling, fair and dismantling)&#8221; tab_id=&#8221;1673192643378-67-3&#8243;][vc_column_text uncode_shortcode_id=&#8221;136277&#8243;]P. E. Schall GmbH &amp; Co. KG<br \/>\n<a class=\"contactlink\" href=\"tel:+497541708736\"><i class=\"fa fa-phone\"><\/i>+49 (0)7541 708-736<\/a><br \/>\n<a class=\"contactlink\" href=\"tel:+497541708138\"><i class=\"fa fa-phone\"><\/i>+49 (0)7541 708-138<\/a><br \/>\n<a class=\"contactlink\" href=\"fax:+4975417086736\"><i class=\"fa fa-fax\"><\/i>+49 (0)7541 708-6736<\/a><br \/>\n<a class=\"contactlink\" href=\"mailto:schur@schall-messen.de\"><i class=\"fa fa-envelope\"><\/i>schur@schall-messen.de<\/a><br \/>\n<a class=\"contactlink\" href=\"mailto:fakuma@schall-messen.de\"><i class=\"fa fa-envelope\"><\/i>fakuma@schall-messen.de<\/a><br \/>\n<a class=\"contactlink\" href=\"https:\/\/www.fakuma-messe.de%20target=_blank\"><i class=\"fa fa-globe\"><\/i>www.fakuma-messe.de<\/a>[\/vc_column_text][\/vc_accordion_tab][vc_accordion_tab gutter_size=&#8221;2&#8243; column_padding=&#8221;2&#8243; title=&#8221;Dry cleaning&#8221; tab_id=&#8221;1673192811053-68-0&#8243;][vc_column_text uncode_shortcode_id=&#8221;132834&#8243;]Textilreinigung Weber GmbH<br \/>\nGutenbergstra\u00dfe 7<br \/>\n88046 Friedrichshafen<br \/>\n<a class=\"contactlink\" href=\"tel:+49754143866\"><i class=\"fa fa-phone\"><\/i>+49 (0)7541 43866<\/a><br \/>\n<a class=\"contactlink\" href=\"fax:+497541401358\"><i class=\"fa fa-fax\"><\/i>+49 (0)7541 4013 58<\/a><br \/>\n<a class=\"contactlink\" href=\"mailto:info@reinigung-weber.de\"><i class=\"fa fa-envelope\"><\/i>info@reinigung-weber.de<\/a><br \/>\n<a class=\"contactlink\" href=\"https:\/\/www.reinigung-weber.de%20target=_blank\"><i class=\"fa fa-globe\"><\/i>www.reinigung-weber.de<\/a>[\/vc_column_text][\/vc_accordion_tab][vc_accordion_tab gutter_size=&#8221;2&#8243; column_padding=&#8221;2&#8243; title=&#8221;Restaurant&#8221; tab_id=&#8221;1673192899257-69-4&#8243;][vc_column_text uncode_shortcode_id=&#8221;104352&#8243;]&gt;  See bistro[\/vc_column_text][\/vc_accordion_tab][vc_accordion_tab gutter_size=&#8221;2&#8243; column_padding=&#8221;2&#8243; title=&#8221;Smartphone repair&#8221; tab_id=&#8221;1673192973350-70-9&#8243;][vc_column_text uncode_shortcode_id=&#8221;808222&#8243;]&gt;  see cell phone doctor[\/vc_column_text][\/vc_accordion_tab][vc_accordion_tab gutter_size=&#8221;2&#8243; column_padding=&#8221;2&#8243; title=&#8221;Forwarder&#8221; tab_id=&#8221;1673193000779-71-5&#8243;][vc_column_text uncode_shortcode_id=&#8221;756795&#8243;]Schenker Deutschland AG<br \/>\nNeue Messe 3<br \/>\n88046 Friedrichshafen<br \/>\n<a class=\"contactlink\" href=\"tel:+497541708732\"><i class=\"fa fa-phone\"><\/i>+49 (0)7541 708-732<\/a><br \/>\n<a class=\"contactlink\" href=\"fax:+497541708991\"><i class=\"fa fa-fax\"><\/i>+49 (0)7541708991<\/a><br \/>\n<a class=\"contactlink\" href=\"mailto:fairs.friedrichshafen@dbschenker.com\"><i class=\"fa fa-envelope\"><\/i>fairs.friedrichshafen@dbschenker.com<\/a><br \/>\n<a class=\"contactlink\" href=\"https:\/\/www.dbschenker.com%20target=_blank\"><i class=\"fa fa-globe\"><\/i>www.dbschenker.com<\/a>[\/vc_column_text][\/vc_accordion_tab][vc_accordion_tab gutter_size=&#8221;2&#8243; column_padding=&#8221;2&#8243; title=&#8221;Forklifts&#8221; tab_id=&#8221;1673193075920-72-7&#8243;][vc_column_text uncode_shortcode_id=&#8221;219085&#8243;]&gt; See forwarding[\/vc_column_text][\/vc_accordion_tab][vc_accordion_tab gutter_size=&#8221;2&#8243; column_padding=&#8221;2&#8243; title=&#8221;Booth security services&#8221; tab_id=&#8221;1673193096744-73-0&#8243;][vc_column_text uncode_shortcode_id=&#8221;137662&#8243;]&gt; see recruitment services | stand security[\/vc_column_text][\/vc_accordion_tab][vc_accordion_tab gutter_size=&#8221;2&#8243; column_padding=&#8221;2&#8243; title=&#8221;Booth cleaning service&#8221; tab_id=&#8221;1673193118972-74-8&#8243;][vc_column_text uncode_shortcode_id=&#8221;192021&#8243;]Geb\u00e4udereinigung Fath GmbH<br \/>\nMoosstra\u00dfe 14<br \/>\n88074 Meckenbeuren<br \/>\n<a class=\"contactlink\" href=\"tel:+491715310676\"><i class=\"fa fa-phone\"><\/i>+49 (0)171 531 0676<\/a><br \/>\n<a class=\"contactlink\" href=\"fax:+4975423680\"><i class=\"fa fa-fax\"><\/i>+49 (0)7542 3680<\/a><br \/>\n<a class=\"contactlink\" href=\"mailto:kontakt@gebaeudereinigung-fath.de\"><i class=\"fa fa-envelope\"><\/i>kontakt@gebaeudereinigung-fath.de<\/a>[\/vc_column_text][\/vc_accordion_tab][vc_accordion_tab gutter_size=&#8221;2&#8243; column_padding=&#8221;2&#8243; title=&#8221;Taxi&#8221; tab_id=&#8221;1673193207160-75-8&#8243;][vc_column_text uncode_shortcode_id=&#8221;440176&#8243;]<a class=\"contactlink\" href=\"tel:+49754155555\"><i class=\"fa fa-phone\"><\/i>+49 (0)7541 5555 5<\/a>[\/vc_column_text][\/vc_accordion_tab][vc_accordion_tab gutter_size=&#8221;2&#8243; column_padding=&#8221;2&#8243; title=&#8221;Phone | Internet | DSL&#8221; tab_id=&#8221;1673193249422-76-5&#8243;][vc_column_text uncode_shortcode_id=&#8221;117264&#8243;]Neuschwender Informationstechnik<br \/>\nAltdorferstrasse 16<br \/>\n88276 mountain<br \/>\n<a class=\"contactlink\" href=\"tel:+497541708199\"><i class=\"fa fa-phone\"><\/i>+49 (0)7541 708-199<\/a><br \/>\n<a class=\"contactlink\" href=\"mailto:vertrieb@neuschwender.de\"><i class=\"fa fa-envelope\"><\/i>vertrieb@neuschwender.de<\/a><br \/>\n<a class=\"contactlink\" href=\"https:\/\/www.neuschwender.de%20target=_blank\"><i class=\"fa fa-globe\"><\/i>www.neuschwender.de<\/a>[\/vc_column_text][\/vc_accordion_tab][vc_accordion_tab gutter_size=&#8221;2&#8243; column_padding=&#8221;2&#8243; title=&#8221;Directory enquiries&#8221; tab_id=&#8221;1673193321232-77-0&#8243;][vc_column_text uncode_shortcode_id=&#8221;181911&#8243;]<a class=\"contactlink\" href=\"tel:+4911833\"><i class=\"fa fa-phone\"><\/i>+49 (0)11833<\/a> (national information)<br \/>\n<a class=\"contactlink\" href=\"tel:+4911834\"><i class=\"fa fa-phone\"><\/i>+49 (0)11834<\/a> (international information)[\/vc_column_text][\/vc_accordion_tab][vc_accordion_tab gutter_size=&#8221;2&#8243; column_padding=&#8221;2&#8243; title=&#8221;Tourist Information&#8221; tab_id=&#8221;1673193417383-78-1&#8243;][vc_column_text uncode_shortcode_id=&#8221;186668&#8243;]Tourist Information Friedrichshafen<br \/>\nBahnhofplatz 2<br \/>\n88045 Friedrichshafen<br \/>\n<a class=\"contactlink\" href=\"tel:+49754120355444\"><i class=\"fa fa-phone\"><\/i>+49 (0)7541 203-55444<\/a><br \/>\n<a class=\"contactlink\" href=\"tel:+49754120355450\"><i class=\"fa fa-phone\"><\/i>+49 (0)7541 203-55450<\/a><br \/>\n<a class=\"contactlink\" href=\"mailto:messe.ti@friedrichshafen.de\"><i class=\"fa fa-envelope\"><\/i>messe.ti@friedrichshafen.de<\/a><br \/>\n<a class=\"contactlink\" href=\"https:\/\/www.friedrichshafen.de%20target=_blank\"><i class=\"fa fa-globe\"><\/i>www.friedrichshafen.de<\/a>[\/vc_column_text][\/vc_accordion_tab][vc_accordion_tab gutter_size=&#8221;2&#8243; column_padding=&#8221;2&#8243; title=&#8221;Partition walls | Carpets&#8221; tab_id=&#8221;1673193510174-79-0&#8243;][vc_column_text uncode_shortcode_id=&#8221;112950&#8243;]mlg Messe- und Ladenbaugesellschaft mbH<br \/>\nDr.-Ernst-Zimmermann-Allee 10<br \/>\n85757 Karlsfeld \/ Munich<br \/>\n<a class=\"contactlink\" href=\"tel:+498131669980\"><i class=\"fa fa-phone\"><\/i>+49 (0)8131 6699 80<\/a><br \/>\n<a class=\"contactlink\" href=\"fax:+4981316699810\"><i class=\"fa fa-fax\"><\/i>+49 (0)8131 6699 810<\/a><br \/>\n<a class=\"contactlink\" href=\"mailto:info@mlg-messebau.de\"><i class=\"fa fa-envelope\"><\/i>info@mlg-messebau.de<\/a><br \/>\n<a class=\"contactlink\" href=\"https:\/\/www.mlg-messebau.de%20target=_blank\"><i class=\"fa fa-globe\"><\/i>www.mlg-messebau.de<\/a>[\/vc_column_text][\/vc_accordion_tab][vc_accordion_tab gutter_size=&#8221;2&#8243; column_padding=&#8221;2&#8243; title=&#8221;Preferred structure&#8221; tab_id=&#8221;1673193608191-80-2&#8243;][vc_column_text uncode_shortcode_id=&#8221;328560&#8243;]Messe Friedrichshafen GmbH<br \/>\nNeue Messe 1<br \/>\n88048 Friedrichshafen<br \/>\n<a class=\"contactlink\" href=\"tel:+497541708375\"><i class=\"fa fa-phone\"><\/i>+49 (0)7541 708-375<\/a><br \/>\n<a class=\"contactlink\" href=\"fax:+4975417082375\"><i class=\"fa fa-fax\"><\/i>+49 (0)7541 708-2375<\/a><br \/>\n<a class=\"contactlink\" href=\"mailto:ina.kolenda@messe-fn.de\"><i class=\"fa fa-envelope\"><\/i>ina.kolenda@messe-fn.de<\/a><br \/>\n<a class=\"contactlink\" href=\"https:\/\/www.messe-friedrichshafen.de%20target=_blank\"><i class=\"fa fa-globe\"><\/i>www.messe-friedrichshafen.de<\/a>[\/vc_column_text][\/vc_accordion_tab][vc_accordion_tab gutter_size=&#8221;2&#8243; column_padding=&#8221;2&#8243; title=&#8221;Water installations&#8221; tab_id=&#8221;1673193670732-81-9&#8243;][vc_column_text uncode_shortcode_id=&#8221;994040&#8243;]Suttner &amp; Michel GmbH<br \/>\nAm Rohrbach 12\/3<br \/>\n88045 Friedrichshafen<br \/>\n<a class=\"contactlink\" href=\"tel:+49754153579\"><i class=\"fa fa-phone\"><\/i>+49 (0)7541 53579<\/a><br \/>\nMobile: <a class=\"contactlink\" href=\"tel:+491713866780\"><i class=\"fa fa-phone\"><\/i>+49 (0)171 386 6780<\/a><br \/>\n<a class=\"contactlink\" href=\"fax:+49754155579\"><i class=\"fa fa-fax\"><\/i>+49 (0)7541 55579<\/a><br \/>\n<a class=\"contactlink\" href=\"mailto:suttner@suttner-michel.de\"><i class=\"fa fa-envelope\"><\/i>suttner@suttner-michel.de<\/a><br \/>\n<a class=\"contactlink\" href=\"https:\/\/www.suttner-michel.de%20target=_blank\"><i class=\"fa fa-globe\"><\/i>www.suttner-michel.de<\/a>[\/vc_column_text][\/vc_accordion_tab][vc_accordion_tab gutter_size=&#8221;2&#8243; column_padding=&#8221;2&#8243; title=&#8221;Advertising space&#8221; tab_id=&#8221;1673193851502-82-9&#8243;][vc_column_text uncode_shortcode_id=&#8221;603323&#8243;]Werbeflaechen24 GmbH<br \/>\nPestalozzistra\u00dfe 22<br \/>\n88068 Tettnang<br \/>\n<a class=\"contactlink\" href=\"tel:+4975426618\"><i class=\"fa fa-phone\"><\/i>+49 (0)7542 6618<\/a><br \/>\nMobile: <a class=\"contactlink\" href=\"tel:+491772136387\"><i class=\"fa fa-phone\"><\/i>+49 (0)177 213 6387<\/a><br \/>\n<a class=\"contactlink\" href=\"fax:+497541708335\"><i class=\"fa fa-fax\"><\/i>+49 (0)7541 708-335<\/a><br \/>\n<a class=\"contactlink\" href=\"mailto:kurt.abele@werbeflaechen24.com\"><i class=\"fa fa-envelope\"><\/i>kurt.abele@werbeflaechen24.com<\/a><br \/>\n<a class=\"contactlink\" href=\"https:\/\/www.werbeflaechen24.com%20target=_blank\"><i class=\"fa fa-globe\"><\/i>www.werbeflaechen24.com<\/a>[\/vc_column_text][\/vc_accordion_tab][vc_accordion_tab gutter_size=&#8221;2&#8243; column_padding=&#8221;2&#8243; title=&#8221;Baby change&#8221; tab_id=&#8221;1673193945275-83-9&#8243;][vc_column_text uncode_shortcode_id=&#8221;145833&#8243;]Foyer West, Foyer East[\/vc_column_text][\/vc_accordion_tab][vc_accordion_tab gutter_size=&#8221;2&#8243; column_padding=&#8221;2&#8243; title=&#8221;WIFI access point at the booth&#8221; tab_id=&#8221;1673193979205-84-5&#8243;][vc_column_text uncode_shortcode_id=&#8221;251270&#8243;]Messe Friedrichshafen GmbH<br \/>\nNeue Messe 1<br \/>\n88046 Friedrichshafen<br \/>\n<a class=\"contactlink\" href=\"tel:+4975417086000\"><i class=\"fa fa-phone\"><\/i>+49 (0)7541 708-6000<\/a><br \/>\n<a class=\"contactlink\" href=\"mailto:it@messe-friedrichshafen.de\"><i class=\"fa fa-envelope\"><\/i>it@messe-friedrichshafen.de<\/a><br \/>\n<a class=\"contactlink\" href=\"https:\/\/www.messe-friedrichshafen.de%20target=_blank\"><i class=\"fa fa-globe\"><\/i>www.messe-friedrichshafen.de<\/a>[\/vc_column_text][\/vc_accordion_tab][vc_accordion_tab gutter_size=&#8221;2&#8243; column_padding=&#8221;2&#8243; title=&#8221;WIFI (free of charge on exhibition grounds)&#8221; tab_id=&#8221;1673194047598-85-4&#8243;][vc_column_text uncode_shortcode_id=&#8221;844932&#8243;]Messe Friedrichshafen GmbH<br \/>\nNeue Messe 1<br \/>\n88046 Friedrichshafen<br \/>\n<a class=\"contactlink\" href=\"tel:+4975417086000\"><i class=\"fa fa-phone\"><\/i>+49 (0)7541 708-6000<\/a><br \/>\n<a class=\"contactlink\" href=\"mailto:it@messe-fn.de\"><i class=\"fa fa-envelope\"><\/i>it@messe-fn.de<\/a><br \/>\n<a class=\"contactlink\" href=\"https:\/\/www.messe-friedrichshafen.de%20target=_blank\"><i class=\"fa fa-globe\"><\/i>www.messe-friedrichshafen.de<\/a>[\/vc_column_text][\/vc_accordion_tab][vc_accordion_tab gutter_size=&#8221;2&#8243; column_padding=&#8221;2&#8243; title=&#8221;Caravan parking (P-East 2)&#8221; tab_id=&#8221;1673194112558-86-2&#8243;][vc_column_text uncode_shortcode_id=&#8221;103456&#8243;]<strong>no advance booking possible<br \/>\nchargeable incl. electricity and<br \/>\nSanitary facilities<\/strong><\/p>\n<p>Messe Friedrichshafen GmbH<br \/>\nParkplatz P-Ost 2<br \/>\n88046 Friedrichshafen<br \/>\n<a class=\"contactlink\" href=\"tel:+4975417080\"><i class=\"fa fa-phone\"><\/i>+49 (0)7541 708-0<\/a><br \/>\n<a class=\"contactlink\" href=\"fax:+497541708335\"><i class=\"fa fa-fax\"><\/i>+49 (0)7541 708-335<\/a><br \/>\n<a class=\"contactlink\" href=\"mailto:info@messe-fn.de\"><i class=\"fa fa-envelope\"><\/i>info@messe-fn.de<\/a><br \/>\n<a class=\"contactlink\" href=\"https:\/\/www.messe-friedrichshafen.de%20target=_blank\"><i class=\"fa fa-globe\"><\/i>www.messe-friedrichshafen.de<\/a>[\/vc_column_text][\/vc_accordion_tab][vc_accordion_tab gutter_size=&#8221;2&#8243; column_padding=&#8221;2&#8243; title=&#8221;Dentist&#8221; tab_id=&#8221;1673194204083-87-0&#8243;][vc_column_text uncode_shortcode_id=&#8221;502081&#8243;]&gt;  see doctor | medical service[\/vc_column_text][\/vc_accordion_tab][vc_accordion_tab gutter_size=&#8221;2&#8243; column_padding=&#8221;2&#8243; title=&#8221;Hotel reservation service&#8221; tab_id=&#8221;1673194265731-88-2&#8243;][vc_column_text uncode_shortcode_id=&#8221;290772&#8243;]&gt;  See Tourist Information[\/vc_column_text][\/vc_accordion_tab][vc_accordion_tab gutter_size=&#8221;2&#8243; column_padding=&#8221;2&#8243; title=&#8221;Customs&#8221; tab_id=&#8221;1673194286708-89-1&#8243;][vc_column_text uncode_shortcode_id=&#8221;165383&#8243;]Zollamt Friedrichshafen<br \/>\nMessestra\u00dfe 132<br \/>\n88046 Friedrichshafen<br \/>\n<a class=\"contactlink\" href=\"tel:+4975413887830\"><i class=\"fa fa-phone\"><\/i>+49 (0)7541 388 7830<\/a><br \/>\n<a class=\"contactlink\" href=\"fax:+4975413887859\"><i class=\"fa fa-fax\"><\/i>+49 (0)7541 388 7859<\/a>[\/vc_column_text][\/vc_accordion_tab][vc_accordion_tab gutter_size=&#8221;2&#8243; column_padding=&#8221;2&#8243; title=&#8221;Forwarding Agency&#8221; tab_id=&#8221;1673194344794-90-10&#8243;][vc_column_text uncode_shortcode_id=&#8221;207523&#8243;]&gt; See forwarding[\/vc_column_text][\/vc_accordion_tab][\/vc_accordion][\/vc_column][\/vc_row]<\/p>\n<\/div>","protected":false},"excerpt":{"rendered":"<p>[vc_row row_height_percent=&#8221;35&#8243; back_image=&#8221;259&#8243; overlay_alpha=&#8221;50&#8243; gutter_size=&#8221;3&#8243; column_width_percent=&#8221;100&#8243; shift_y=&#8221;0&#8243; z_index=&#8221;0&#8243; uncode_shortcode_id=&#8221;513959&#8243; row_height_pixel=&#8221;120&#8243;][vc_column width=&#8221;1\/1&#8243;][\/vc_column][\/vc_row][vc_row row_height_percent=&#8221;0&#8243; override_padding=&#8221;yes&#8221; h_padding=&#8221;2&#8243; top_padding=&#8221;2&#8243; bottom_padding=&#8221;3&#8243; overlay_alpha=&#8221;50&#8243; gutter_size=&#8221;3&#8243; column_width_percent=&#8221;60&#8243; shift_y=&#8221;0&#8243; [&hellip;]<\/p>\n","protected":false},"author":2,"featured_media":0,"parent":0,"menu_order":0,"comment_status":"closed","ping_status":"closed","template":"","meta":{"footnotes":""},"class_list":["post-3134","page","type-page","status-publish","hentry"],"_links":{"self":[{"href":"https:\/\/www.fakuma-messe.de\/en\/wp-json\/wp\/v2\/pages\/3134","targetHints":{"allow":["GET"]}}],"collection":[{"href":"https:\/\/www.fakuma-messe.de\/en\/wp-json\/wp\/v2\/pages"}],"about":[{"href":"https:\/\/www.fakuma-messe.de\/en\/wp-json\/wp\/v2\/types\/page"}],"author":[{"embeddable":true,"href":"https:\/\/www.fakuma-messe.de\/en\/wp-json\/wp\/v2\/users\/2"}],"replies":[{"embeddable":true,"href":"https:\/\/www.fakuma-messe.de\/en\/wp-json\/wp\/v2\/comments?post=3134"}],"version-history":[{"count":5,"href":"https:\/\/www.fakuma-messe.de\/en\/wp-json\/wp\/v2\/pages\/3134\/revisions"}],"predecessor-version":[{"id":3187,"href":"https:\/\/www.fakuma-messe.de\/en\/wp-json\/wp\/v2\/pages\/3134\/revisions\/3187"}],"wp:attachment":[{"href":"https:\/\/www.fakuma-messe.de\/en\/wp-json\/wp\/v2\/media?parent=3134"}],"curies":[{"name":"wp","href":"https:\/\/api.w.org\/{rel}","templated":true}]}}